{"id":951,"date":"2024-10-01T15:32:53","date_gmt":"2024-10-01T13:32:53","guid":{"rendered":"http:\/\/www.congere.be\/?page_id=951"},"modified":"2025-09-26T14:49:04","modified_gmt":"2025-09-26T12:49:04","slug":"le-tremplin-du-rire","status":"publish","type":"page","link":"https:\/\/www.festival-du-rire.be\/index.php\/le-tremplin-du-rire\/","title":{"rendered":"Le Tremplin du Rire"},"content":{"rendered":"\t\t<div data-elementor-type=\"wp-page\" data-elementor-id=\"951\" class=\"elementor elementor-951\">\n\t\t\t\t<div class=\"elementor-element elementor-element-148561a e-flex e-con-boxed e-con e-parent\" data-id=\"148561a\" data-element_type=\"container\" data-e-type=\"container\" data-settings=\"{&quot;background_background&quot;:&quot;gradient&quot;}\">\n\t\t\t\t\t<div class=\"e-con-inner\">\n\t\t\t\t<div class=\"elementor-element elementor-element-ab8a31e elementor-invisible elementor-widget elementor-widget-heading\" data-id=\"ab8a31e\" data-element_type=\"widget\" data-e-type=\"widget\" data-settings=\"{&quot;_animation&quot;:&quot;fadeIn&quot;}\" data-widget_type=\"heading.default\">\n\t\t\t\t<div class=\"elementor-widget-container\">\n\t\t\t\t\t<h2 class=\"elementor-heading-title elementor-size-default\">TREMPLIN DU RIRE<\/h2>\t\t\t\t<\/div>\n\t\t\t\t<\/div>\n\t\t\t\t<div class=\"elementor-element elementor-element-28e666a elementor-widget__width-initial elementor-widget elementor-widget-text-editor\" data-id=\"28e666a\" data-element_type=\"widget\" data-e-type=\"widget\" data-widget_type=\"text-editor.default\">\n\t\t\t\t<div class=\"elementor-widget-container\">\n\t\t\t\t\t\t\t\t\t<p>Le festival est n\u00e9 avec une grande mission : la d\u00e9couverte et la promotion des talents humoristiques de demain. C\u2019est ainsi qu\u2019en 1981, le Tremplin du Rire de Rochefort, concours international devenu incontournable dans le milieu, offrait ses premi\u00e8res r\u00e9compenses. \u00c0 cette \u00e9poque, c\u2019est Marc Herman qui s\u2019est vu attribuer le Grand Prix du Rire gr\u00e2ce \u00e0 son c\u00e9l\u00e8bre sketch de \u00ab La Lampe Rouge \u00bb. On peut dire qu\u2019il a vraiment allum\u00e9 la sc\u00e8ne !<\/p><p>Depuis lors, une multitude d\u2019artistes se sont succ\u00e9d\u00e9 sur cette planche d\u2019essai et beaucoup d\u2019entre eux ont vu leur carri\u00e8re d\u00e9coller : Yolande Moreau et Bruno Coppens (1982), Bruno Taloche (1986), Tex et Dany Boon (1993), Renaud Rutten (1997), Virginie Hocq (2003), Gaspard Proust (2009), Alex Vizorek (2010), Walter (2011), G\u00e9r\u00e9my Cr\u00e9deville (2013), Laura Laune (2014) et plus r\u00e9cemment, Elodie Poux (2016), Antoine Donneaux (2019), Carole Matagne (2022), \u2026 Soit une vraie galerie de stars qui ont fait trembler la ville\u00a0de Rochefort\u00a0!<\/p><p>Tout au long de l\u2019ann\u00e9e, l\u2019\u00e9quipe du FIRR sillonne festivals et salles de spectacle en Belgique, France et Suisse, arm\u00e9e de son meilleur d\u00e9tecteur de talent. Gr\u00e2ce \u00e0 cette qu\u00eate acharn\u00e9e et \u00e0 des auditions dignes des plus grands castings (sans exag\u00e9rer bien s\u00fbr), elle d\u00e9niche la cr\u00e8me de la cr\u00e8me de l\u2019humour.<\/p><p>Chaque ann\u00e9e, 6 humoristes sont ainsi rep\u00e9r\u00e9s aux quatre coins de la Francophonie. Lors de la semaine de l\u2019Ascension, ces candidats pr\u00e9sentent 50 minutes de leur spectacle aux Cabarets des Roches (une petite salle feutr\u00e9e situ\u00e9e \u00e0 l\u2019\u00c9cole Communale du Centre \u00e0 Rochefort). Ils ont aussi la chance de se produire \u00e0 deux reprises en premi\u00e8re partie des artistes vedettes au Centre Culturel, histoire de se frotter aux grands.<\/p><p>Parce qu\u2019au FIRR, tous les avis comptent\u00a0: aux c\u00f4t\u00e9s des jurys compos\u00e9s de professionnels (directeurs de salle de spectacle, programmateurs, journalistes,\u2026), les spectateurs sont \u00e9galement invit\u00e9s \u00e0 voter pour d\u00e9cerner le \u00ab\u00a0Prix du Public\u00a0\u00bb. Une belle fa\u00e7on de lier l\u2019utile \u00e0 l\u2019agr\u00e9able\u00a0!<\/p>\t\t\t\t\t\t\t\t<\/div>\n\t\t\t\t<\/div>\n\t\t\t\t<div class=\"elementor-element elementor-element-c680605 e-transform elementor-invisible elementor-widget elementor-widget-image\" data-id=\"c680605\" data-element_type=\"widget\" data-e-type=\"widget\" data-settings=\"{&quot;_animation&quot;:&quot;fadeIn&quot;,&quot;_transform_translateX_effect_hover&quot;:{&quot;unit&quot;:&quot;px&quot;,&quot;size&quot;:&quot;&quot;,&quot;sizes&quot;:[]},&quot;_transform_translateX_effect_hover_tablet&quot;:{&quot;unit&quot;:&quot;px&quot;,&quot;size&quot;:&quot;&quot;,&quot;sizes&quot;:[]},&quot;_transform_translateX_effect_hover_mobile&quot;:{&quot;unit&quot;:&quot;px&quot;,&quot;size&quot;:&quot;&quot;,&quot;sizes&quot;:[]},&quot;_transform_translateY_effect_hover&quot;:{&quot;unit&quot;:&quot;px&quot;,&quot;size&quot;:&quot;&quot;,&quot;sizes&quot;:[]},&quot;_transform_translateY_effect_hover_tablet&quot;:{&quot;unit&quot;:&quot;px&quot;,&quot;size&quot;:&quot;&quot;,&quot;sizes&quot;:[]},&quot;_transform_translateY_effect_hover_mobile&quot;:{&quot;unit&quot;:&quot;px&quot;,&quot;size&quot;:&quot;&quot;,&quot;sizes&quot;:[]}}\" data-widget_type=\"image.default\">\n\t\t\t\t<div class=\"elementor-widget-container\">\n\t\t\t\t\t\t\t\t\t\t\t\t\t\t\t<img fetchpriority=\"high\" decoding=\"async\" width=\"840\" height=\"560\" src=\"https:\/\/www.festival-du-rire.be\/wp-content\/uploads\/2025\/07\/Laureats-NB.png\" class=\"elementor-animation-shrink attachment-large size-large wp-image-4001\" alt=\"\" srcset=\"https:\/\/www.festival-du-rire.be\/wp-content\/uploads\/2025\/07\/Laureats-NB.png 840w, https:\/\/www.festival-du-rire.be\/wp-content\/uploads\/2025\/07\/Laureats-NB-300x200.png 300w, https:\/\/www.festival-du-rire.be\/wp-content\/uploads\/2025\/07\/Laureats-NB-768x512.png 768w\" sizes=\"(max-width: 840px) 100vw, 840px\" \/>\t\t\t\t\t\t\t\t\t\t\t\t\t\t\t<\/div>\n\t\t\t\t<\/div>\n\t\t\t\t\t<\/div>\n\t\t\t\t<\/div>\n\t\t\t\t<\/div>\n\t\t","protected":false},"excerpt":{"rendered":"<p>TREMPLIN DU RIRE Le festival est n\u00e9 avec une grande mission : la d\u00e9couverte et la promotion des talents humoristiques de demain. C\u2019est ainsi qu\u2019en 1981, le Tremplin du Rire de Rochefort, concours international devenu incontournable dans le milieu, offrait ses premi\u00e8res r\u00e9compenses. \u00c0 cette \u00e9poque, c\u2019est Marc Herman qui s\u2019est vu attribuer le Grand [&hellip;]<\/p>\n","protected":false},"author":2,"featured_media":0,"parent":0,"menu_order":0,"comment_status":"closed","ping_status":"closed","template":"elementor_header_footer","meta":{"footnotes":""},"class_list":["post-951","page","type-page","status-publish","hentry","entry"],"yoast_head":"<!-- This site is optimized with the Yoast SEO plugin v24.1 - https:\/\/yoast.com\/wordpress\/plugins\/seo\/ -->\n<title>Le Tremplin du Rire - Firr<\/title>\n<meta name=\"robots\" content=\"index, follow, max-snippet:-1, max-image-preview:large, max-video-preview:-1\" \/>\n<link rel=\"canonical\" href=\"https:\/\/www.festival-du-rire.be\/index.php\/le-tremplin-du-rire\/\" \/>\n<meta property=\"og:locale\" content=\"fr_FR\" \/>\n<meta property=\"og:type\" content=\"article\" \/>\n<meta property=\"og:title\" content=\"Le Tremplin du Rire - Firr\" \/>\n<meta property=\"og:description\" content=\"TREMPLIN DU RIRE Le festival est n\u00e9 avec une grande mission : la d\u00e9couverte et la promotion des talents humoristiques de demain. C\u2019est ainsi qu\u2019en 1981, le Tremplin du Rire de Rochefort, concours international devenu incontournable dans le milieu, offrait ses premi\u00e8res r\u00e9compenses. \u00c0 cette \u00e9poque, c\u2019est Marc Herman qui s\u2019est vu attribuer le Grand [&hellip;]\" \/>\n<meta property=\"og:url\" content=\"https:\/\/www.festival-du-rire.be\/index.php\/le-tremplin-du-rire\/\" \/>\n<meta property=\"og:site_name\" content=\"Firr\" \/>\n<meta property=\"article:modified_time\" content=\"2025-09-26T12:49:04+00:00\" \/>\n<meta property=\"og:image\" content=\"https:\/\/www.festival-du-rire.be\/wp-content\/uploads\/2025\/07\/Laureats-NB.png\" \/>\n\t<meta property=\"og:image:width\" content=\"840\" \/>\n\t<meta property=\"og:image:height\" content=\"560\" \/>\n\t<meta property=\"og:image:type\" content=\"image\/png\" \/>\n<meta name=\"twitter:card\" content=\"summary_large_image\" \/>\n<meta name=\"twitter:label1\" content=\"Dur\u00e9e de lecture estim\u00e9e\" \/>\n\t<meta name=\"twitter:data1\" content=\"2 minutes\" \/>\n<script type=\"application\/ld+json\" class=\"yoast-schema-graph\">{\"@context\":\"https:\/\/schema.org\",\"@graph\":[{\"@type\":\"WebPage\",\"@id\":\"https:\/\/www.festival-du-rire.be\/index.php\/le-tremplin-du-rire\/\",\"url\":\"https:\/\/www.festival-du-rire.be\/index.php\/le-tremplin-du-rire\/\",\"name\":\"Le Tremplin du Rire - Firr\",\"isPartOf\":{\"@id\":\"https:\/\/www.festival-du-rire.be\/#website\"},\"primaryImageOfPage\":{\"@id\":\"https:\/\/www.festival-du-rire.be\/index.php\/le-tremplin-du-rire\/#primaryimage\"},\"image\":{\"@id\":\"https:\/\/www.festival-du-rire.be\/index.php\/le-tremplin-du-rire\/#primaryimage\"},\"thumbnailUrl\":\"https:\/\/www.festival-du-rire.be\/wp-content\/uploads\/2025\/07\/Laureats-NB.png\",\"datePublished\":\"2024-10-01T13:32:53+00:00\",\"dateModified\":\"2025-09-26T12:49:04+00:00\",\"breadcrumb\":{\"@id\":\"https:\/\/www.festival-du-rire.be\/index.php\/le-tremplin-du-rire\/#breadcrumb\"},\"inLanguage\":\"fr-FR\",\"potentialAction\":[{\"@type\":\"ReadAction\",\"target\":[\"https:\/\/www.festival-du-rire.be\/index.php\/le-tremplin-du-rire\/\"]}]},{\"@type\":\"ImageObject\",\"inLanguage\":\"fr-FR\",\"@id\":\"https:\/\/www.festival-du-rire.be\/index.php\/le-tremplin-du-rire\/#primaryimage\",\"url\":\"https:\/\/www.festival-du-rire.be\/wp-content\/uploads\/2025\/07\/Laureats-NB.png\",\"contentUrl\":\"https:\/\/www.festival-du-rire.be\/wp-content\/uploads\/2025\/07\/Laureats-NB.png\",\"width\":840,\"height\":560},{\"@type\":\"BreadcrumbList\",\"@id\":\"https:\/\/www.festival-du-rire.be\/index.php\/le-tremplin-du-rire\/#breadcrumb\",\"itemListElement\":[{\"@type\":\"ListItem\",\"position\":1,\"name\":\"Accueil\",\"item\":\"https:\/\/www.festival-du-rire.be\/\"},{\"@type\":\"ListItem\",\"position\":2,\"name\":\"Le Tremplin du Rire\"}]},{\"@type\":\"WebSite\",\"@id\":\"https:\/\/www.festival-du-rire.be\/#website\",\"url\":\"https:\/\/www.festival-du-rire.be\/\",\"name\":\"Firr\",\"description\":\"\",\"publisher\":{\"@id\":\"https:\/\/www.festival-du-rire.be\/#organization\"},\"potentialAction\":[{\"@type\":\"SearchAction\",\"target\":{\"@type\":\"EntryPoint\",\"urlTemplate\":\"https:\/\/www.festival-du-rire.be\/?s={search_term_string}\"},\"query-input\":{\"@type\":\"PropertyValueSpecification\",\"valueRequired\":true,\"valueName\":\"search_term_string\"}}],\"inLanguage\":\"fr-FR\"},{\"@type\":\"Organization\",\"@id\":\"https:\/\/www.festival-du-rire.be\/#organization\",\"name\":\"Firr\",\"url\":\"https:\/\/www.festival-du-rire.be\/\",\"logo\":{\"@type\":\"ImageObject\",\"inLanguage\":\"fr-FR\",\"@id\":\"https:\/\/www.festival-du-rire.be\/#\/schema\/logo\/image\/\",\"url\":\"https:\/\/www.festival-du-rire.be\/wp-content\/uploads\/2024\/07\/cropped-Profil-FIRR_smiley-modif.png\",\"contentUrl\":\"https:\/\/www.festival-du-rire.be\/wp-content\/uploads\/2024\/07\/cropped-Profil-FIRR_smiley-modif.png\",\"width\":561,\"height\":442,\"caption\":\"Firr\"},\"image\":{\"@id\":\"https:\/\/www.festival-du-rire.be\/#\/schema\/logo\/image\/\"}}]}<\/script>\n<!-- \/ Yoast SEO plugin. -->","yoast_head_json":{"title":"Le Tremplin du Rire - Firr","robots":{"index":"index","follow":"follow","max-snippet":"max-snippet:-1","max-image-preview":"max-image-preview:large","max-video-preview":"max-video-preview:-1"},"canonical":"https:\/\/www.festival-du-rire.be\/index.php\/le-tremplin-du-rire\/","og_locale":"fr_FR","og_type":"article","og_title":"Le Tremplin du Rire - Firr","og_description":"TREMPLIN DU RIRE Le festival est n\u00e9 avec une grande mission : la d\u00e9couverte et la promotion des talents humoristiques de demain. C\u2019est ainsi qu\u2019en 1981, le Tremplin du Rire de Rochefort, concours international devenu incontournable dans le milieu, offrait ses premi\u00e8res r\u00e9compenses. \u00c0 cette \u00e9poque, c\u2019est Marc Herman qui s\u2019est vu attribuer le Grand [&hellip;]","og_url":"https:\/\/www.festival-du-rire.be\/index.php\/le-tremplin-du-rire\/","og_site_name":"Firr","article_modified_time":"2025-09-26T12:49:04+00:00","og_image":[{"width":840,"height":560,"url":"https:\/\/www.festival-du-rire.be\/wp-content\/uploads\/2025\/07\/Laureats-NB.png","type":"image\/png"}],"twitter_card":"summary_large_image","twitter_misc":{"Dur\u00e9e de lecture estim\u00e9e":"2 minutes"},"schema":{"@context":"https:\/\/schema.org","@graph":[{"@type":"WebPage","@id":"https:\/\/www.festival-du-rire.be\/index.php\/le-tremplin-du-rire\/","url":"https:\/\/www.festival-du-rire.be\/index.php\/le-tremplin-du-rire\/","name":"Le Tremplin du Rire - Firr","isPartOf":{"@id":"https:\/\/www.festival-du-rire.be\/#website"},"primaryImageOfPage":{"@id":"https:\/\/www.festival-du-rire.be\/index.php\/le-tremplin-du-rire\/#primaryimage"},"image":{"@id":"https:\/\/www.festival-du-rire.be\/index.php\/le-tremplin-du-rire\/#primaryimage"},"thumbnailUrl":"https:\/\/www.festival-du-rire.be\/wp-content\/uploads\/2025\/07\/Laureats-NB.png","datePublished":"2024-10-01T13:32:53+00:00","dateModified":"2025-09-26T12:49:04+00:00","breadcrumb":{"@id":"https:\/\/www.festival-du-rire.be\/index.php\/le-tremplin-du-rire\/#breadcrumb"},"inLanguage":"fr-FR","potentialAction":[{"@type":"ReadAction","target":["https:\/\/www.festival-du-rire.be\/index.php\/le-tremplin-du-rire\/"]}]},{"@type":"ImageObject","inLanguage":"fr-FR","@id":"https:\/\/www.festival-du-rire.be\/index.php\/le-tremplin-du-rire\/#primaryimage","url":"https:\/\/www.festival-du-rire.be\/wp-content\/uploads\/2025\/07\/Laureats-NB.png","contentUrl":"https:\/\/www.festival-du-rire.be\/wp-content\/uploads\/2025\/07\/Laureats-NB.png","width":840,"height":560},{"@type":"BreadcrumbList","@id":"https:\/\/www.festival-du-rire.be\/index.php\/le-tremplin-du-rire\/#breadcrumb","itemListElement":[{"@type":"ListItem","position":1,"name":"Accueil","item":"https:\/\/www.festival-du-rire.be\/"},{"@type":"ListItem","position":2,"name":"Le Tremplin du Rire"}]},{"@type":"WebSite","@id":"https:\/\/www.festival-du-rire.be\/#website","url":"https:\/\/www.festival-du-rire.be\/","name":"Firr","description":"","publisher":{"@id":"https:\/\/www.festival-du-rire.be\/#organization"},"potentialAction":[{"@type":"SearchAction","target":{"@type":"EntryPoint","urlTemplate":"https:\/\/www.festival-du-rire.be\/?s={search_term_string}"},"query-input":{"@type":"PropertyValueSpecification","valueRequired":true,"valueName":"search_term_string"}}],"inLanguage":"fr-FR"},{"@type":"Organization","@id":"https:\/\/www.festival-du-rire.be\/#organization","name":"Firr","url":"https:\/\/www.festival-du-rire.be\/","logo":{"@type":"ImageObject","inLanguage":"fr-FR","@id":"https:\/\/www.festival-du-rire.be\/#\/schema\/logo\/image\/","url":"https:\/\/www.festival-du-rire.be\/wp-content\/uploads\/2024\/07\/cropped-Profil-FIRR_smiley-modif.png","contentUrl":"https:\/\/www.festival-du-rire.be\/wp-content\/uploads\/2024\/07\/cropped-Profil-FIRR_smiley-modif.png","width":561,"height":442,"caption":"Firr"},"image":{"@id":"https:\/\/www.festival-du-rire.be\/#\/schema\/logo\/image\/"}}]}},"_links":{"self":[{"href":"https:\/\/www.festival-du-rire.be\/index.php\/wp-json\/wp\/v2\/pages\/951","targetHints":{"allow":["GET"]}}],"collection":[{"href":"https:\/\/www.festival-du-rire.be\/index.php\/wp-json\/wp\/v2\/pages"}],"about":[{"href":"https:\/\/www.festival-du-rire.be\/index.php\/wp-json\/wp\/v2\/types\/page"}],"author":[{"embeddable":true,"href":"https:\/\/www.festival-du-rire.be\/index.php\/wp-json\/wp\/v2\/users\/2"}],"replies":[{"embeddable":true,"href":"https:\/\/www.festival-du-rire.be\/index.php\/wp-json\/wp\/v2\/comments?post=951"}],"version-history":[{"count":73,"href":"https:\/\/www.festival-du-rire.be\/index.php\/wp-json\/wp\/v2\/pages\/951\/revisions"}],"predecessor-version":[{"id":4532,"href":"https:\/\/www.festival-du-rire.be\/index.php\/wp-json\/wp\/v2\/pages\/951\/revisions\/4532"}],"wp:attachment":[{"href":"https:\/\/www.festival-du-rire.be\/index.php\/wp-json\/wp\/v2\/media?parent=951"}],"curies":[{"name":"wp","href":"https:\/\/api.w.org\/{rel}","templated":true}]}}