{"id":84,"date":"2024-07-18T10:30:54","date_gmt":"2024-07-18T08:30:54","guid":{"rendered":"https:\/\/www.congere.be\/?page_id=84"},"modified":"2025-09-26T14:51:42","modified_gmt":"2025-09-26T12:51:42","slug":"rue-co","status":"publish","type":"page","link":"https:\/\/www.festival-du-rire.be\/index.php\/rue-co\/","title":{"rendered":"Rue &amp; Co"},"content":{"rendered":"\t\t<div data-elementor-type=\"wp-page\" data-elementor-id=\"84\" class=\"elementor elementor-84\">\n\t\t\t\t<div class=\"elementor-element elementor-element-922e603 e-con-full e-flex e-con e-parent\" data-id=\"922e603\" data-element_type=\"container\" data-e-type=\"container\" data-settings=\"{&quot;background_background&quot;:&quot;gradient&quot;}\">\n\t\t\t\t<div class=\"elementor-element elementor-element-14eff48 elementor-widget__width-inherit elementor-invisible elementor-widget elementor-widget-heading\" data-id=\"14eff48\" data-element_type=\"widget\" data-e-type=\"widget\" data-settings=\"{&quot;_animation&quot;:&quot;fadeIn&quot;}\" data-widget_type=\"heading.default\">\n\t\t\t\t<div class=\"elementor-widget-container\">\n\t\t\t\t\t<h2 class=\"elementor-heading-title elementor-size-default\">Rue &amp; Co<\/h2>\t\t\t\t<\/div>\n\t\t\t\t<\/div>\n\t\t\t\t<div class=\"elementor-element elementor-element-39784db elementor-widget__width-initial elementor-widget elementor-widget-text-editor\" data-id=\"39784db\" data-element_type=\"widget\" data-e-type=\"widget\" data-widget_type=\"text-editor.default\">\n\t\t\t\t<div class=\"elementor-widget-container\">\n\t\t\t\t\t\t\t\t\t<p>La journ\u00e9e de cl\u00f4ture du FIRR est plac\u00e9e sous le signe de la convivialit\u00e9 et de la bonne humeur !\u00a0 March\u00e9 artisanal, spectacles et shows de rue surprenants, animations ludiques pour petits et grands ainsi que des rencontres gourmandes avec le rendez-vous des confr\u00e9ries gastronomiques.\u00a0 Des moments inoubliables \u00e0 partager en famille et entre amis.<\/p><p>Un journ\u00e9e en partenariat avec la Province de Namur.<\/p>\t\t\t\t\t\t\t\t<\/div>\n\t\t\t\t<\/div>\n\t\t\t\t<div class=\"elementor-element elementor-element-250e7e9 elementor-widget__width-inherit elementor-widget elementor-widget-eael-fancy-text\" data-id=\"250e7e9\" data-element_type=\"widget\" data-e-type=\"widget\" data-widget_type=\"eael-fancy-text.default\">\n\t\t\t\t<div class=\"elementor-widget-container\">\n\t\t\t\t\t\n\t<div  class=\"eael-fancy-text-container style-1\" data-fancy-text-id=\"250e7e9\" data-fancy-text=\"|le samedi 16 mai 2026|le samedi 16 mai 2026\" data-fancy-text-transition-type=\"typing\" data-fancy-text-speed=\"50\" data-fancy-text-delay=\"2500\" data-fancy-text-cursor=\"yes\" data-fancy-text-loop=\"yes\" >\n\t\t\t\t\t<span class=\"eael-fancy-text-prefix\">Rendez-vous <\/span>\n\t\t\n\t\t\n\t\t\t\t\t<span id=\"eael-fancy-text-250e7e9\" class=\"eael-fancy-text-strings solid-color\">\n\t\t\t\t<noscript>\n\t\t\t\t\tle samedi 16 mai 2026, le samedi 16 mai 2026\t\t\t\t<\/noscript>\n\t\t\t<\/span>\n\t\t\n\t\t\t\t\t<span class=\"eael-fancy-text-suffix\">  <\/span>\n\t\t\t<\/div><!-- close .eael-fancy-text-container -->\n\n\t<div class=\"clearfix\"><\/div>\n\n\t\t\t\t\t<\/div>\n\t\t\t\t<\/div>\n\t\t\t\t<div class=\"elementor-element elementor-element-d9b068d elementor-widget__width-inherit elementor-arrows-position-inside elementor-pagination-position-outside elementor-widget elementor-widget-image-carousel\" data-id=\"d9b068d\" data-element_type=\"widget\" data-e-type=\"widget\" data-settings=\"{&quot;autoplay_speed&quot;:2500,&quot;navigation&quot;:&quot;both&quot;,&quot;autoplay&quot;:&quot;yes&quot;,&quot;pause_on_hover&quot;:&quot;yes&quot;,&quot;pause_on_interaction&quot;:&quot;yes&quot;,&quot;infinite&quot;:&quot;yes&quot;,&quot;speed&quot;:500}\" data-widget_type=\"image-carousel.default\">\n\t\t\t\t<div class=\"elementor-widget-container\">\n\t\t\t\t\t\t\t<div class=\"elementor-image-carousel-wrapper swiper\" role=\"region\" aria-roledescription=\"carousel\" aria-label=\"Carrousel d\u2019images\" dir=\"ltr\">\n\t\t\t<div class=\"elementor-image-carousel swiper-wrapper\" aria-live=\"off\">\n\t\t\t\t\t\t\t\t<div class=\"swiper-slide\" role=\"group\" aria-roledescription=\"slide\" aria-label=\"1 sur 8\"><figure class=\"swiper-slide-inner\"><img decoding=\"async\" class=\"swiper-slide-image\" src=\"https:\/\/www.festival-du-rire.be\/wp-content\/uploads\/2025\/07\/Rue.jpg\" alt=\"Rue\" \/><\/figure><\/div><div class=\"swiper-slide\" role=\"group\" aria-roledescription=\"slide\" aria-label=\"2 sur 8\"><figure class=\"swiper-slide-inner\"><img decoding=\"async\" class=\"swiper-slide-image\" src=\"https:\/\/www.festival-du-rire.be\/wp-content\/uploads\/2025\/07\/Animation-de-rue.jpg\" alt=\"Animation de rue\" \/><\/figure><\/div><div class=\"swiper-slide\" role=\"group\" aria-roledescription=\"slide\" aria-label=\"3 sur 8\"><figure class=\"swiper-slide-inner\"><img decoding=\"async\" class=\"swiper-slide-image\" src=\"https:\/\/www.festival-du-rire.be\/wp-content\/uploads\/2025\/07\/image00001.jpeg\" alt=\"image00001\" \/><\/figure><\/div><div class=\"swiper-slide\" role=\"group\" aria-roledescription=\"slide\" aria-label=\"4 sur 8\"><figure class=\"swiper-slide-inner\"><img decoding=\"async\" class=\"swiper-slide-image\" src=\"https:\/\/www.festival-du-rire.be\/wp-content\/uploads\/2025\/07\/image000010.jpg\" alt=\"image000010\" \/><\/figure><\/div><div class=\"swiper-slide\" role=\"group\" aria-roledescription=\"slide\" aria-label=\"5 sur 8\"><figure class=\"swiper-slide-inner\"><img decoding=\"async\" class=\"swiper-slide-image\" src=\"https:\/\/www.festival-du-rire.be\/wp-content\/uploads\/2024\/08\/CED0531.jpg\" alt=\"_CED0531\" \/><\/figure><\/div><div class=\"swiper-slide\" role=\"group\" aria-roledescription=\"slide\" aria-label=\"6 sur 8\"><figure class=\"swiper-slide-inner\"><img decoding=\"async\" class=\"swiper-slide-image\" src=\"https:\/\/www.festival-du-rire.be\/wp-content\/uploads\/2024\/10\/IMG_20220528_151506.jpg\" alt=\"IMG_20220528_151506\" \/><\/figure><\/div><div class=\"swiper-slide\" role=\"group\" aria-roledescription=\"slide\" aria-label=\"7 sur 8\"><figure class=\"swiper-slide-inner\"><img decoding=\"async\" class=\"swiper-slide-image\" src=\"https:\/\/www.festival-du-rire.be\/wp-content\/uploads\/2024\/10\/CED0521.jpg\" alt=\"_CED0521\" \/><\/figure><\/div><div class=\"swiper-slide\" role=\"group\" aria-roledescription=\"slide\" aria-label=\"8 sur 8\"><figure class=\"swiper-slide-inner\"><img decoding=\"async\" class=\"swiper-slide-image\" src=\"https:\/\/www.festival-du-rire.be\/wp-content\/uploads\/2025\/07\/image00011.jpeg\" alt=\"image00011\" \/><\/figure><\/div>\t\t\t<\/div>\n\t\t\t\t\t\t\t\t\t\t\t\t<div class=\"elementor-swiper-button elementor-swiper-button-prev\" role=\"button\" tabindex=\"0\">\n\t\t\t\t\t\t<svg aria-hidden=\"true\" class=\"e-font-icon-svg e-eicon-chevron-left\" viewBox=\"0 0 1000 1000\" xmlns=\"http:\/\/www.w3.org\/2000\/svg\"><path d=\"M646 125C629 125 613 133 604 142L308 442C296 454 292 471 292 487 292 504 296 521 308 533L604 854C617 867 629 875 646 875 663 875 679 871 692 858 704 846 713 829 713 812 713 796 708 779 692 767L438 487 692 225C700 217 708 204 708 187 708 171 704 154 692 142 675 129 663 125 646 125Z\"><\/path><\/svg>\t\t\t\t\t<\/div>\n\t\t\t\t\t<div class=\"elementor-swiper-button elementor-swiper-button-next\" role=\"button\" tabindex=\"0\">\n\t\t\t\t\t\t<svg aria-hidden=\"true\" class=\"e-font-icon-svg e-eicon-chevron-right\" viewBox=\"0 0 1000 1000\" xmlns=\"http:\/\/www.w3.org\/2000\/svg\"><path d=\"M696 533C708 521 713 504 713 487 713 471 708 454 696 446L400 146C388 133 375 125 354 125 338 125 325 129 313 142 300 154 292 171 292 187 292 204 296 221 308 233L563 492 304 771C292 783 288 800 288 817 288 833 296 850 308 863 321 871 338 875 354 875 371 875 388 867 400 854L696 533Z\"><\/path><\/svg>\t\t\t\t\t<\/div>\n\t\t\t\t\n\t\t\t\t\t\t\t\t\t<div class=\"swiper-pagination\"><\/div>\n\t\t\t\t\t\t\t\t\t<\/div>\n\t\t\t\t\t\t<\/div>\n\t\t\t\t<\/div>\n\t\t\t\t<\/div>\n\t\t\t\t<\/div>\n\t\t","protected":false},"excerpt":{"rendered":"<p>Rue &amp; Co La journ\u00e9e de cl\u00f4ture du FIRR est plac\u00e9e sous le signe de la convivialit\u00e9 et de la bonne humeur !\u00a0 March\u00e9 artisanal, spectacles et shows de rue surprenants, animations ludiques pour petits et grands ainsi que des rencontres gourmandes avec le rendez-vous des confr\u00e9ries gastronomiques.\u00a0 Des moments inoubliables \u00e0 partager en famille [&hellip;]<\/p>\n","protected":false},"author":2,"featured_media":0,"parent":0,"menu_order":0,"comment_status":"closed","ping_status":"closed","template":"elementor_header_footer","meta":{"footnotes":""},"class_list":["post-84","page","type-page","status-publish","hentry","entry"],"yoast_head":"<!-- This site is optimized with the Yoast SEO plugin v24.1 - https:\/\/yoast.com\/wordpress\/plugins\/seo\/ -->\n<title>Rue &amp; Co - Firr<\/title>\n<meta name=\"robots\" content=\"index, follow, max-snippet:-1, max-image-preview:large, max-video-preview:-1\" \/>\n<link rel=\"canonical\" href=\"https:\/\/www.festival-du-rire.be\/index.php\/rue-co\/\" \/>\n<meta property=\"og:locale\" content=\"fr_FR\" \/>\n<meta property=\"og:type\" content=\"article\" \/>\n<meta property=\"og:title\" content=\"Rue &amp; Co - Firr\" \/>\n<meta property=\"og:description\" content=\"Rue &amp; Co La journ\u00e9e de cl\u00f4ture du FIRR est plac\u00e9e sous le signe de la convivialit\u00e9 et de la bonne humeur !\u00a0 March\u00e9 artisanal, spectacles et shows de rue surprenants, animations ludiques pour petits et grands ainsi que des rencontres gourmandes avec le rendez-vous des confr\u00e9ries gastronomiques.\u00a0 Des moments inoubliables \u00e0 partager en famille [&hellip;]\" \/>\n<meta property=\"og:url\" content=\"https:\/\/www.festival-du-rire.be\/index.php\/rue-co\/\" \/>\n<meta property=\"og:site_name\" content=\"Firr\" \/>\n<meta property=\"article:modified_time\" content=\"2025-09-26T12:51:42+00:00\" \/>\n<meta property=\"og:image\" content=\"https:\/\/www.festival-du-rire.be\/wp-content\/uploads\/2025\/07\/Rue.jpg\" \/>\n<meta name=\"twitter:card\" content=\"summary_large_image\" \/>\n<meta name=\"twitter:label1\" content=\"Dur\u00e9e de lecture estim\u00e9e\" \/>\n\t<meta name=\"twitter:data1\" content=\"4 minutes\" \/>\n<script type=\"application\/ld+json\" class=\"yoast-schema-graph\">{\"@context\":\"https:\/\/schema.org\",\"@graph\":[{\"@type\":\"WebPage\",\"@id\":\"https:\/\/www.festival-du-rire.be\/index.php\/rue-co\/\",\"url\":\"https:\/\/www.festival-du-rire.be\/index.php\/rue-co\/\",\"name\":\"Rue &amp; Co - Firr\",\"isPartOf\":{\"@id\":\"https:\/\/www.festival-du-rire.be\/#website\"},\"primaryImageOfPage\":{\"@id\":\"https:\/\/www.festival-du-rire.be\/index.php\/rue-co\/#primaryimage\"},\"image\":{\"@id\":\"https:\/\/www.festival-du-rire.be\/index.php\/rue-co\/#primaryimage\"},\"thumbnailUrl\":\"https:\/\/www.festival-du-rire.be\/wp-content\/uploads\/2025\/07\/Rue.jpg\",\"datePublished\":\"2024-07-18T08:30:54+00:00\",\"dateModified\":\"2025-09-26T12:51:42+00:00\",\"breadcrumb\":{\"@id\":\"https:\/\/www.festival-du-rire.be\/index.php\/rue-co\/#breadcrumb\"},\"inLanguage\":\"fr-FR\",\"potentialAction\":[{\"@type\":\"ReadAction\",\"target\":[\"https:\/\/www.festival-du-rire.be\/index.php\/rue-co\/\"]}]},{\"@type\":\"ImageObject\",\"inLanguage\":\"fr-FR\",\"@id\":\"https:\/\/www.festival-du-rire.be\/index.php\/rue-co\/#primaryimage\",\"url\":\"https:\/\/www.festival-du-rire.be\/wp-content\/uploads\/2025\/07\/Rue.jpg\",\"contentUrl\":\"https:\/\/www.festival-du-rire.be\/wp-content\/uploads\/2025\/07\/Rue.jpg\",\"width\":840,\"height\":560},{\"@type\":\"BreadcrumbList\",\"@id\":\"https:\/\/www.festival-du-rire.be\/index.php\/rue-co\/#breadcrumb\",\"itemListElement\":[{\"@type\":\"ListItem\",\"position\":1,\"name\":\"Accueil\",\"item\":\"https:\/\/www.festival-du-rire.be\/\"},{\"@type\":\"ListItem\",\"position\":2,\"name\":\"Rue &amp; Co\"}]},{\"@type\":\"WebSite\",\"@id\":\"https:\/\/www.festival-du-rire.be\/#website\",\"url\":\"https:\/\/www.festival-du-rire.be\/\",\"name\":\"Firr\",\"description\":\"\",\"publisher\":{\"@id\":\"https:\/\/www.festival-du-rire.be\/#organization\"},\"potentialAction\":[{\"@type\":\"SearchAction\",\"target\":{\"@type\":\"EntryPoint\",\"urlTemplate\":\"https:\/\/www.festival-du-rire.be\/?s={search_term_string}\"},\"query-input\":{\"@type\":\"PropertyValueSpecification\",\"valueRequired\":true,\"valueName\":\"search_term_string\"}}],\"inLanguage\":\"fr-FR\"},{\"@type\":\"Organization\",\"@id\":\"https:\/\/www.festival-du-rire.be\/#organization\",\"name\":\"Firr\",\"url\":\"https:\/\/www.festival-du-rire.be\/\",\"logo\":{\"@type\":\"ImageObject\",\"inLanguage\":\"fr-FR\",\"@id\":\"https:\/\/www.festival-du-rire.be\/#\/schema\/logo\/image\/\",\"url\":\"https:\/\/www.festival-du-rire.be\/wp-content\/uploads\/2024\/07\/cropped-Profil-FIRR_smiley-modif.png\",\"contentUrl\":\"https:\/\/www.festival-du-rire.be\/wp-content\/uploads\/2024\/07\/cropped-Profil-FIRR_smiley-modif.png\",\"width\":561,\"height\":442,\"caption\":\"Firr\"},\"image\":{\"@id\":\"https:\/\/www.festival-du-rire.be\/#\/schema\/logo\/image\/\"}}]}<\/script>\n<!-- \/ Yoast SEO plugin. -->","yoast_head_json":{"title":"Rue &amp; Co - Firr","robots":{"index":"index","follow":"follow","max-snippet":"max-snippet:-1","max-image-preview":"max-image-preview:large","max-video-preview":"max-video-preview:-1"},"canonical":"https:\/\/www.festival-du-rire.be\/index.php\/rue-co\/","og_locale":"fr_FR","og_type":"article","og_title":"Rue &amp; Co - Firr","og_description":"Rue &amp; Co La journ\u00e9e de cl\u00f4ture du FIRR est plac\u00e9e sous le signe de la convivialit\u00e9 et de la bonne humeur !\u00a0 March\u00e9 artisanal, spectacles et shows de rue surprenants, animations ludiques pour petits et grands ainsi que des rencontres gourmandes avec le rendez-vous des confr\u00e9ries gastronomiques.\u00a0 Des moments inoubliables \u00e0 partager en famille [&hellip;]","og_url":"https:\/\/www.festival-du-rire.be\/index.php\/rue-co\/","og_site_name":"Firr","article_modified_time":"2025-09-26T12:51:42+00:00","og_image":[{"url":"https:\/\/www.festival-du-rire.be\/wp-content\/uploads\/2025\/07\/Rue.jpg","type":"","width":"","height":""}],"twitter_card":"summary_large_image","twitter_misc":{"Dur\u00e9e de lecture estim\u00e9e":"4 minutes"},"schema":{"@context":"https:\/\/schema.org","@graph":[{"@type":"WebPage","@id":"https:\/\/www.festival-du-rire.be\/index.php\/rue-co\/","url":"https:\/\/www.festival-du-rire.be\/index.php\/rue-co\/","name":"Rue &amp; Co - Firr","isPartOf":{"@id":"https:\/\/www.festival-du-rire.be\/#website"},"primaryImageOfPage":{"@id":"https:\/\/www.festival-du-rire.be\/index.php\/rue-co\/#primaryimage"},"image":{"@id":"https:\/\/www.festival-du-rire.be\/index.php\/rue-co\/#primaryimage"},"thumbnailUrl":"https:\/\/www.festival-du-rire.be\/wp-content\/uploads\/2025\/07\/Rue.jpg","datePublished":"2024-07-18T08:30:54+00:00","dateModified":"2025-09-26T12:51:42+00:00","breadcrumb":{"@id":"https:\/\/www.festival-du-rire.be\/index.php\/rue-co\/#breadcrumb"},"inLanguage":"fr-FR","potentialAction":[{"@type":"ReadAction","target":["https:\/\/www.festival-du-rire.be\/index.php\/rue-co\/"]}]},{"@type":"ImageObject","inLanguage":"fr-FR","@id":"https:\/\/www.festival-du-rire.be\/index.php\/rue-co\/#primaryimage","url":"https:\/\/www.festival-du-rire.be\/wp-content\/uploads\/2025\/07\/Rue.jpg","contentUrl":"https:\/\/www.festival-du-rire.be\/wp-content\/uploads\/2025\/07\/Rue.jpg","width":840,"height":560},{"@type":"BreadcrumbList","@id":"https:\/\/www.festival-du-rire.be\/index.php\/rue-co\/#breadcrumb","itemListElement":[{"@type":"ListItem","position":1,"name":"Accueil","item":"https:\/\/www.festival-du-rire.be\/"},{"@type":"ListItem","position":2,"name":"Rue &amp; Co"}]},{"@type":"WebSite","@id":"https:\/\/www.festival-du-rire.be\/#website","url":"https:\/\/www.festival-du-rire.be\/","name":"Firr","description":"","publisher":{"@id":"https:\/\/www.festival-du-rire.be\/#organization"},"potentialAction":[{"@type":"SearchAction","target":{"@type":"EntryPoint","urlTemplate":"https:\/\/www.festival-du-rire.be\/?s={search_term_string}"},"query-input":{"@type":"PropertyValueSpecification","valueRequired":true,"valueName":"search_term_string"}}],"inLanguage":"fr-FR"},{"@type":"Organization","@id":"https:\/\/www.festival-du-rire.be\/#organization","name":"Firr","url":"https:\/\/www.festival-du-rire.be\/","logo":{"@type":"ImageObject","inLanguage":"fr-FR","@id":"https:\/\/www.festival-du-rire.be\/#\/schema\/logo\/image\/","url":"https:\/\/www.festival-du-rire.be\/wp-content\/uploads\/2024\/07\/cropped-Profil-FIRR_smiley-modif.png","contentUrl":"https:\/\/www.festival-du-rire.be\/wp-content\/uploads\/2024\/07\/cropped-Profil-FIRR_smiley-modif.png","width":561,"height":442,"caption":"Firr"},"image":{"@id":"https:\/\/www.festival-du-rire.be\/#\/schema\/logo\/image\/"}}]}},"_links":{"self":[{"href":"https:\/\/www.festival-du-rire.be\/index.php\/wp-json\/wp\/v2\/pages\/84","targetHints":{"allow":["GET"]}}],"collection":[{"href":"https:\/\/www.festival-du-rire.be\/index.php\/wp-json\/wp\/v2\/pages"}],"about":[{"href":"https:\/\/www.festival-du-rire.be\/index.php\/wp-json\/wp\/v2\/types\/page"}],"author":[{"embeddable":true,"href":"https:\/\/www.festival-du-rire.be\/index.php\/wp-json\/wp\/v2\/users\/2"}],"replies":[{"embeddable":true,"href":"https:\/\/www.festival-du-rire.be\/index.php\/wp-json\/wp\/v2\/comments?post=84"}],"version-history":[{"count":121,"href":"https:\/\/www.festival-du-rire.be\/index.php\/wp-json\/wp\/v2\/pages\/84\/revisions"}],"predecessor-version":[{"id":4541,"href":"https:\/\/www.festival-du-rire.be\/index.php\/wp-json\/wp\/v2\/pages\/84\/revisions\/4541"}],"wp:attachment":[{"href":"https:\/\/www.festival-du-rire.be\/index.php\/wp-json\/wp\/v2\/media?parent=84"}],"curies":[{"name":"wp","href":"https:\/\/api.w.org\/{rel}","templated":true}]}}