{"id":76,"date":"2024-07-18T10:30:01","date_gmt":"2024-07-18T08:30:01","guid":{"rendered":"https:\/\/www.congere.be\/?page_id=76"},"modified":"2026-03-23T14:46:08","modified_gmt":"2026-03-23T13:46:08","slug":"salle-raymond-devos","status":"publish","type":"page","link":"https:\/\/www.festival-du-rire.be\/index.php\/salle-raymond-devos\/","title":{"rendered":"Salle Raymond Devos"},"content":{"rendered":"\t\t<div data-elementor-type=\"wp-page\" data-elementor-id=\"76\" class=\"elementor elementor-76\">\n\t\t\t\t<div class=\"elementor-element elementor-element-76893bf e-con-full e-flex e-con e-parent\" data-id=\"76893bf\" data-element_type=\"container\" data-e-type=\"container\" data-settings=\"{&quot;background_background&quot;:&quot;gradient&quot;}\">\n\t\t\t\t<div class=\"elementor-element elementor-element-d527529 elementor-invisible elementor-widget elementor-widget-heading\" data-id=\"d527529\" data-element_type=\"widget\" data-e-type=\"widget\" data-settings=\"{&quot;_animation&quot;:&quot;fadeIn&quot;}\" data-widget_type=\"heading.default\">\n\t\t\t\t<div class=\"elementor-widget-container\">\n\t\t\t\t\t<h2 class=\"elementor-heading-title elementor-size-default\">Salle Raymond Devos<\/h2>\t\t\t\t<\/div>\n\t\t\t\t<\/div>\n\t\t\t\t<div class=\"elementor-element elementor-element-59be954 elementor-widget__width-initial elementor-widget elementor-widget-text-editor\" data-id=\"59be954\" data-element_type=\"widget\" data-e-type=\"widget\" data-widget_type=\"text-editor.default\">\n\t\t\t\t<div class=\"elementor-widget-container\">\n\t\t\t\t\t\t\t\t\t<p>La salle Raymond Devos se situe au Centre Culturel des Roches (rue de Behogne, 5) \u00e0 Rochefort.\u00a0<span style=\"font-size: 14px; text-align: var(--text-align);\">Une salle de spectacle o\u00f9 489 chanceux peuvent s&rsquo;asseoir confortablement, sans avoir \u00e0 se battre pour le meilleur si\u00e8ge.\u00a0\u00a0<\/span><span style=\"font-size: 14px; text-align: var(--text-align);\">Les personnes \u00e0 mobilit\u00e9 r\u00e9duite trouveront leur meilleur place ici.<\/span><\/p>\t\t\t\t\t\t\t\t<\/div>\n\t\t\t\t<\/div>\n\t\t\t\t<div class=\"elementor-element elementor-element-d8ae9b3 elementor-widget elementor-widget-eael-fancy-text\" data-id=\"d8ae9b3\" data-element_type=\"widget\" data-e-type=\"widget\" data-widget_type=\"eael-fancy-text.default\">\n\t\t\t\t<div class=\"elementor-widget-container\">\n\t\t\t\t\t\n\t<div  class=\"eael-fancy-text-container style-1\" data-fancy-text-id=\"d8ae9b3\" data-fancy-text=\"|du 29 avril au 17 mai 2026|du 29 avril au 17 mai 2026\" data-fancy-text-transition-type=\"typing\" data-fancy-text-speed=\"50\" data-fancy-text-delay=\"2500\" data-fancy-text-cursor=\"yes\" data-fancy-text-loop=\"yes\" >\n\t\t\t\t\t<span class=\"eael-fancy-text-prefix\">Retrouvez-nous <\/span>\n\t\t\n\t\t\n\t\t\t\t\t<span id=\"eael-fancy-text-d8ae9b3\" class=\"eael-fancy-text-strings solid-color\">\n\t\t\t\t<noscript>\n\t\t\t\t\tdu 29 avril au 17 mai 2026, du 29 avril au 17 mai 2026\t\t\t\t<\/noscript>\n\t\t\t<\/span>\n\t\t\n\t\t\t<\/div><!-- close .eael-fancy-text-container -->\n\n\t<div class=\"clearfix\"><\/div>\n\n\t\t\t\t\t<\/div>\n\t\t\t\t<\/div>\n\t\t\t\t<div class=\"elementor-element elementor-element-0e7467a elementor-align-center elementor-widget elementor-widget-button\" data-id=\"0e7467a\" data-element_type=\"widget\" data-e-type=\"widget\" data-widget_type=\"button.default\">\n\t\t\t\t<div class=\"elementor-widget-container\">\n\t\t\t\t\t\t\t\t\t<div class=\"elementor-button-wrapper\">\n\t\t\t\t\t<a class=\"elementor-button elementor-button-link elementor-size-sm elementor-animation-grow\" href=\"https:\/\/www.festival-du-rire.be\">\n\t\t\t\t\t\t<span class=\"elementor-button-content-wrapper\">\n\t\t\t\t\t\t\t\t\t<span class=\"elementor-button-text\">Cliquez ici pour consulter le programme<\/span>\n\t\t\t\t\t<\/span>\n\t\t\t\t\t<\/a>\n\t\t\t\t<\/div>\n\t\t\t\t\t\t\t\t<\/div>\n\t\t\t\t<\/div>\n\t\t\t\t<div class=\"elementor-element elementor-element-1013d50 elementor-widget elementor-widget-heading\" data-id=\"1013d50\" data-element_type=\"widget\" data-e-type=\"widget\" data-widget_type=\"heading.default\">\n\t\t\t\t<div class=\"elementor-widget-container\">\n\t\t\t\t\t<h2 class=\"elementor-heading-title elementor-size-default\">Images du FIRR 2025<\/h2>\t\t\t\t<\/div>\n\t\t\t\t<\/div>\n\t\t\t\t<div class=\"elementor-element elementor-element-e5d051d elementor-arrows-position-inside elementor-pagination-position-outside elementor-widget elementor-widget-image-carousel\" data-id=\"e5d051d\" data-element_type=\"widget\" data-e-type=\"widget\" data-settings=\"{&quot;autoplay_speed&quot;:2500,&quot;navigation&quot;:&quot;both&quot;,&quot;autoplay&quot;:&quot;yes&quot;,&quot;pause_on_hover&quot;:&quot;yes&quot;,&quot;pause_on_interaction&quot;:&quot;yes&quot;,&quot;infinite&quot;:&quot;yes&quot;,&quot;speed&quot;:500}\" data-widget_type=\"image-carousel.default\">\n\t\t\t\t<div class=\"elementor-widget-container\">\n\t\t\t\t\t\t\t<div class=\"elementor-image-carousel-wrapper swiper\" role=\"region\" aria-roledescription=\"carousel\" aria-label=\"Carrousel d\u2019images\" dir=\"ltr\">\n\t\t\t<div class=\"elementor-image-carousel swiper-wrapper\" aria-live=\"off\">\n\t\t\t\t\t\t\t\t<div class=\"swiper-slide\" role=\"group\" aria-roledescription=\"slide\" aria-label=\"1 sur 11\"><figure class=\"swiper-slide-inner\"><img decoding=\"async\" class=\"swiper-slide-image\" src=\"https:\/\/www.festival-du-rire.be\/wp-content\/uploads\/2025\/07\/Kostia.jpg\" alt=\"Kostia\" \/><\/figure><\/div><div class=\"swiper-slide\" role=\"group\" aria-roledescription=\"slide\" aria-label=\"2 sur 11\"><figure class=\"swiper-slide-inner\"><img decoding=\"async\" class=\"swiper-slide-image\" src=\"https:\/\/www.festival-du-rire.be\/wp-content\/uploads\/2025\/07\/Kominek7.jpg\" alt=\"Kominek7\" \/><\/figure><\/div><div class=\"swiper-slide\" role=\"group\" aria-roledescription=\"slide\" aria-label=\"3 sur 11\"><figure class=\"swiper-slide-inner\"><img decoding=\"async\" class=\"swiper-slide-image\" src=\"https:\/\/www.festival-du-rire.be\/wp-content\/uploads\/2025\/07\/Regis-Mailhot.jpg\" alt=\"R\u00e9gis Mailhot\" \/><\/figure><\/div><div class=\"swiper-slide\" role=\"group\" aria-roledescription=\"slide\" aria-label=\"4 sur 11\"><figure class=\"swiper-slide-inner\"><img decoding=\"async\" class=\"swiper-slide-image\" src=\"https:\/\/www.festival-du-rire.be\/wp-content\/uploads\/2025\/07\/Car-animaux2.jpg\" alt=\"Car animaux2\" \/><\/figure><\/div><div class=\"swiper-slide\" role=\"group\" aria-roledescription=\"slide\" aria-label=\"5 sur 11\"><figure class=\"swiper-slide-inner\"><img decoding=\"async\" class=\"swiper-slide-image\" src=\"https:\/\/www.festival-du-rire.be\/wp-content\/uploads\/2025\/07\/Drum-Brothers.jpg\" alt=\"Drum Brothers\" \/><\/figure><\/div><div class=\"swiper-slide\" role=\"group\" aria-roledescription=\"slide\" aria-label=\"6 sur 11\"><figure class=\"swiper-slide-inner\"><img decoding=\"async\" class=\"swiper-slide-image\" src=\"https:\/\/www.festival-du-rire.be\/wp-content\/uploads\/2025\/07\/CED_5839.jpg\" alt=\"CED_5839\" \/><\/figure><\/div><div class=\"swiper-slide\" role=\"group\" aria-roledescription=\"slide\" aria-label=\"7 sur 11\"><figure class=\"swiper-slide-inner\"><img decoding=\"async\" class=\"swiper-slide-image\" src=\"https:\/\/www.festival-du-rire.be\/wp-content\/uploads\/2025\/07\/CED_6382.jpg\" alt=\"CED_6382\" \/><\/figure><\/div><div class=\"swiper-slide\" role=\"group\" aria-roledescription=\"slide\" aria-label=\"8 sur 11\"><figure class=\"swiper-slide-inner\"><img decoding=\"async\" class=\"swiper-slide-image\" src=\"https:\/\/www.festival-du-rire.be\/wp-content\/uploads\/2025\/07\/Etienne.jpg\" alt=\"Etienne\" \/><\/figure><\/div><div class=\"swiper-slide\" role=\"group\" aria-roledescription=\"slide\" aria-label=\"9 sur 11\"><figure class=\"swiper-slide-inner\"><img decoding=\"async\" class=\"swiper-slide-image\" src=\"https:\/\/www.festival-du-rire.be\/wp-content\/uploads\/2025\/07\/Marion.jpg\" alt=\"Marion\" \/><\/figure><\/div><div class=\"swiper-slide\" role=\"group\" aria-roledescription=\"slide\" aria-label=\"10 sur 11\"><figure class=\"swiper-slide-inner\"><img decoding=\"async\" class=\"swiper-slide-image\" src=\"https:\/\/www.festival-du-rire.be\/wp-content\/uploads\/2025\/07\/Caroline-Vigneaux.jpg\" alt=\"Caroline Vigneaux\" \/><\/figure><\/div><div class=\"swiper-slide\" role=\"group\" aria-roledescription=\"slide\" aria-label=\"11 sur 11\"><figure class=\"swiper-slide-inner\"><img decoding=\"async\" class=\"swiper-slide-image\" src=\"https:\/\/www.festival-du-rire.be\/wp-content\/uploads\/2025\/07\/Booder.jpg\" alt=\"Booder\" \/><\/figure><\/div>\t\t\t<\/div>\n\t\t\t\t\t\t\t\t\t\t\t\t<div class=\"elementor-swiper-button elementor-swiper-button-prev\" role=\"button\" tabindex=\"0\">\n\t\t\t\t\t\t<svg aria-hidden=\"true\" class=\"e-font-icon-svg e-eicon-chevron-left\" viewBox=\"0 0 1000 1000\" xmlns=\"http:\/\/www.w3.org\/2000\/svg\"><path d=\"M646 125C629 125 613 133 604 142L308 442C296 454 292 471 292 487 292 504 296 521 308 533L604 854C617 867 629 875 646 875 663 875 679 871 692 858 704 846 713 829 713 812 713 796 708 779 692 767L438 487 692 225C700 217 708 204 708 187 708 171 704 154 692 142 675 129 663 125 646 125Z\"><\/path><\/svg>\t\t\t\t\t<\/div>\n\t\t\t\t\t<div class=\"elementor-swiper-button elementor-swiper-button-next\" role=\"button\" tabindex=\"0\">\n\t\t\t\t\t\t<svg aria-hidden=\"true\" class=\"e-font-icon-svg e-eicon-chevron-right\" viewBox=\"0 0 1000 1000\" xmlns=\"http:\/\/www.w3.org\/2000\/svg\"><path d=\"M696 533C708 521 713 504 713 487 713 471 708 454 696 446L400 146C388 133 375 125 354 125 338 125 325 129 313 142 300 154 292 171 292 187 292 204 296 221 308 233L563 492 304 771C292 783 288 800 288 817 288 833 296 850 308 863 321 871 338 875 354 875 371 875 388 867 400 854L696 533Z\"><\/path><\/svg>\t\t\t\t\t<\/div>\n\t\t\t\t\n\t\t\t\t\t\t\t\t\t<div class=\"swiper-pagination\"><\/div>\n\t\t\t\t\t\t\t\t\t<\/div>\n\t\t\t\t\t\t<\/div>\n\t\t\t\t<\/div>\n\t\t\t\t<\/div>\n\t\t\t\t<\/div>\n\t\t","protected":false},"excerpt":{"rendered":"<p>Salle Raymond Devos La salle Raymond Devos se situe au Centre Culturel des Roches (rue de Behogne, 5) \u00e0 Rochefort.\u00a0Une salle de spectacle o\u00f9 489 chanceux peuvent s&rsquo;asseoir confortablement, sans avoir \u00e0 se battre pour le meilleur si\u00e8ge.\u00a0\u00a0Les personnes \u00e0 mobilit\u00e9 r\u00e9duite trouveront leur meilleur place ici. Retrouvez-nous du 29 avril au 17 mai 2026, [&hellip;]<\/p>\n","protected":false},"author":2,"featured_media":0,"parent":0,"menu_order":0,"comment_status":"closed","ping_status":"closed","template":"elementor_header_footer","meta":{"footnotes":""},"class_list":["post-76","page","type-page","status-publish","hentry","entry"],"yoast_head":"<!-- This site is optimized with the Yoast SEO plugin v24.1 - https:\/\/yoast.com\/wordpress\/plugins\/seo\/ -->\n<title>Salle Raymond Devos - Firr<\/title>\n<meta name=\"robots\" content=\"index, follow, max-snippet:-1, max-image-preview:large, max-video-preview:-1\" \/>\n<link rel=\"canonical\" href=\"https:\/\/www.festival-du-rire.be\/index.php\/salle-raymond-devos\/\" \/>\n<meta property=\"og:locale\" content=\"fr_FR\" \/>\n<meta property=\"og:type\" content=\"article\" \/>\n<meta property=\"og:title\" content=\"Salle Raymond Devos - Firr\" \/>\n<meta property=\"og:description\" content=\"Salle Raymond Devos La salle Raymond Devos se situe au Centre Culturel des Roches (rue de Behogne, 5) \u00e0 Rochefort.\u00a0Une salle de spectacle o\u00f9 489 chanceux peuvent s&rsquo;asseoir confortablement, sans avoir \u00e0 se battre pour le meilleur si\u00e8ge.\u00a0\u00a0Les personnes \u00e0 mobilit\u00e9 r\u00e9duite trouveront leur meilleur place ici. Retrouvez-nous du 29 avril au 17 mai 2026, [&hellip;]\" \/>\n<meta property=\"og:url\" content=\"https:\/\/www.festival-du-rire.be\/index.php\/salle-raymond-devos\/\" \/>\n<meta property=\"og:site_name\" content=\"Firr\" \/>\n<meta property=\"article:modified_time\" content=\"2026-03-23T13:46:08+00:00\" \/>\n<meta property=\"og:image\" content=\"https:\/\/www.festival-du-rire.be\/wp-content\/uploads\/2025\/07\/Kostia.jpg\" \/>\n<meta name=\"twitter:card\" content=\"summary_large_image\" \/>\n<meta name=\"twitter:label1\" content=\"Dur\u00e9e de lecture estim\u00e9e\" \/>\n\t<meta name=\"twitter:data1\" content=\"4 minutes\" \/>\n<script type=\"application\/ld+json\" class=\"yoast-schema-graph\">{\"@context\":\"https:\/\/schema.org\",\"@graph\":[{\"@type\":\"WebPage\",\"@id\":\"https:\/\/www.festival-du-rire.be\/index.php\/salle-raymond-devos\/\",\"url\":\"https:\/\/www.festival-du-rire.be\/index.php\/salle-raymond-devos\/\",\"name\":\"Salle Raymond Devos - Firr\",\"isPartOf\":{\"@id\":\"https:\/\/www.festival-du-rire.be\/#website\"},\"primaryImageOfPage\":{\"@id\":\"https:\/\/www.festival-du-rire.be\/index.php\/salle-raymond-devos\/#primaryimage\"},\"image\":{\"@id\":\"https:\/\/www.festival-du-rire.be\/index.php\/salle-raymond-devos\/#primaryimage\"},\"thumbnailUrl\":\"https:\/\/www.festival-du-rire.be\/wp-content\/uploads\/2025\/07\/Kostia.jpg\",\"datePublished\":\"2024-07-18T08:30:01+00:00\",\"dateModified\":\"2026-03-23T13:46:08+00:00\",\"breadcrumb\":{\"@id\":\"https:\/\/www.festival-du-rire.be\/index.php\/salle-raymond-devos\/#breadcrumb\"},\"inLanguage\":\"fr-FR\",\"potentialAction\":[{\"@type\":\"ReadAction\",\"target\":[\"https:\/\/www.festival-du-rire.be\/index.php\/salle-raymond-devos\/\"]}]},{\"@type\":\"ImageObject\",\"inLanguage\":\"fr-FR\",\"@id\":\"https:\/\/www.festival-du-rire.be\/index.php\/salle-raymond-devos\/#primaryimage\",\"url\":\"https:\/\/www.festival-du-rire.be\/wp-content\/uploads\/2025\/07\/Kostia.jpg\",\"contentUrl\":\"https:\/\/www.festival-du-rire.be\/wp-content\/uploads\/2025\/07\/Kostia.jpg\",\"width\":886,\"height\":591},{\"@type\":\"BreadcrumbList\",\"@id\":\"https:\/\/www.festival-du-rire.be\/index.php\/salle-raymond-devos\/#breadcrumb\",\"itemListElement\":[{\"@type\":\"ListItem\",\"position\":1,\"name\":\"Accueil\",\"item\":\"https:\/\/www.festival-du-rire.be\/\"},{\"@type\":\"ListItem\",\"position\":2,\"name\":\"Salle Raymond Devos\"}]},{\"@type\":\"WebSite\",\"@id\":\"https:\/\/www.festival-du-rire.be\/#website\",\"url\":\"https:\/\/www.festival-du-rire.be\/\",\"name\":\"Firr\",\"description\":\"\",\"publisher\":{\"@id\":\"https:\/\/www.festival-du-rire.be\/#organization\"},\"potentialAction\":[{\"@type\":\"SearchAction\",\"target\":{\"@type\":\"EntryPoint\",\"urlTemplate\":\"https:\/\/www.festival-du-rire.be\/?s={search_term_string}\"},\"query-input\":{\"@type\":\"PropertyValueSpecification\",\"valueRequired\":true,\"valueName\":\"search_term_string\"}}],\"inLanguage\":\"fr-FR\"},{\"@type\":\"Organization\",\"@id\":\"https:\/\/www.festival-du-rire.be\/#organization\",\"name\":\"Firr\",\"url\":\"https:\/\/www.festival-du-rire.be\/\",\"logo\":{\"@type\":\"ImageObject\",\"inLanguage\":\"fr-FR\",\"@id\":\"https:\/\/www.festival-du-rire.be\/#\/schema\/logo\/image\/\",\"url\":\"https:\/\/www.festival-du-rire.be\/wp-content\/uploads\/2024\/07\/cropped-Profil-FIRR_smiley-modif.png\",\"contentUrl\":\"https:\/\/www.festival-du-rire.be\/wp-content\/uploads\/2024\/07\/cropped-Profil-FIRR_smiley-modif.png\",\"width\":561,\"height\":442,\"caption\":\"Firr\"},\"image\":{\"@id\":\"https:\/\/www.festival-du-rire.be\/#\/schema\/logo\/image\/\"}}]}<\/script>\n<!-- \/ Yoast SEO plugin. -->","yoast_head_json":{"title":"Salle Raymond Devos - Firr","robots":{"index":"index","follow":"follow","max-snippet":"max-snippet:-1","max-image-preview":"max-image-preview:large","max-video-preview":"max-video-preview:-1"},"canonical":"https:\/\/www.festival-du-rire.be\/index.php\/salle-raymond-devos\/","og_locale":"fr_FR","og_type":"article","og_title":"Salle Raymond Devos - Firr","og_description":"Salle Raymond Devos La salle Raymond Devos se situe au Centre Culturel des Roches (rue de Behogne, 5) \u00e0 Rochefort.\u00a0Une salle de spectacle o\u00f9 489 chanceux peuvent s&rsquo;asseoir confortablement, sans avoir \u00e0 se battre pour le meilleur si\u00e8ge.\u00a0\u00a0Les personnes \u00e0 mobilit\u00e9 r\u00e9duite trouveront leur meilleur place ici. Retrouvez-nous du 29 avril au 17 mai 2026, [&hellip;]","og_url":"https:\/\/www.festival-du-rire.be\/index.php\/salle-raymond-devos\/","og_site_name":"Firr","article_modified_time":"2026-03-23T13:46:08+00:00","og_image":[{"url":"https:\/\/www.festival-du-rire.be\/wp-content\/uploads\/2025\/07\/Kostia.jpg","type":"","width":"","height":""}],"twitter_card":"summary_large_image","twitter_misc":{"Dur\u00e9e de lecture estim\u00e9e":"4 minutes"},"schema":{"@context":"https:\/\/schema.org","@graph":[{"@type":"WebPage","@id":"https:\/\/www.festival-du-rire.be\/index.php\/salle-raymond-devos\/","url":"https:\/\/www.festival-du-rire.be\/index.php\/salle-raymond-devos\/","name":"Salle Raymond Devos - Firr","isPartOf":{"@id":"https:\/\/www.festival-du-rire.be\/#website"},"primaryImageOfPage":{"@id":"https:\/\/www.festival-du-rire.be\/index.php\/salle-raymond-devos\/#primaryimage"},"image":{"@id":"https:\/\/www.festival-du-rire.be\/index.php\/salle-raymond-devos\/#primaryimage"},"thumbnailUrl":"https:\/\/www.festival-du-rire.be\/wp-content\/uploads\/2025\/07\/Kostia.jpg","datePublished":"2024-07-18T08:30:01+00:00","dateModified":"2026-03-23T13:46:08+00:00","breadcrumb":{"@id":"https:\/\/www.festival-du-rire.be\/index.php\/salle-raymond-devos\/#breadcrumb"},"inLanguage":"fr-FR","potentialAction":[{"@type":"ReadAction","target":["https:\/\/www.festival-du-rire.be\/index.php\/salle-raymond-devos\/"]}]},{"@type":"ImageObject","inLanguage":"fr-FR","@id":"https:\/\/www.festival-du-rire.be\/index.php\/salle-raymond-devos\/#primaryimage","url":"https:\/\/www.festival-du-rire.be\/wp-content\/uploads\/2025\/07\/Kostia.jpg","contentUrl":"https:\/\/www.festival-du-rire.be\/wp-content\/uploads\/2025\/07\/Kostia.jpg","width":886,"height":591},{"@type":"BreadcrumbList","@id":"https:\/\/www.festival-du-rire.be\/index.php\/salle-raymond-devos\/#breadcrumb","itemListElement":[{"@type":"ListItem","position":1,"name":"Accueil","item":"https:\/\/www.festival-du-rire.be\/"},{"@type":"ListItem","position":2,"name":"Salle Raymond Devos"}]},{"@type":"WebSite","@id":"https:\/\/www.festival-du-rire.be\/#website","url":"https:\/\/www.festival-du-rire.be\/","name":"Firr","description":"","publisher":{"@id":"https:\/\/www.festival-du-rire.be\/#organization"},"potentialAction":[{"@type":"SearchAction","target":{"@type":"EntryPoint","urlTemplate":"https:\/\/www.festival-du-rire.be\/?s={search_term_string}"},"query-input":{"@type":"PropertyValueSpecification","valueRequired":true,"valueName":"search_term_string"}}],"inLanguage":"fr-FR"},{"@type":"Organization","@id":"https:\/\/www.festival-du-rire.be\/#organization","name":"Firr","url":"https:\/\/www.festival-du-rire.be\/","logo":{"@type":"ImageObject","inLanguage":"fr-FR","@id":"https:\/\/www.festival-du-rire.be\/#\/schema\/logo\/image\/","url":"https:\/\/www.festival-du-rire.be\/wp-content\/uploads\/2024\/07\/cropped-Profil-FIRR_smiley-modif.png","contentUrl":"https:\/\/www.festival-du-rire.be\/wp-content\/uploads\/2024\/07\/cropped-Profil-FIRR_smiley-modif.png","width":561,"height":442,"caption":"Firr"},"image":{"@id":"https:\/\/www.festival-du-rire.be\/#\/schema\/logo\/image\/"}}]}},"_links":{"self":[{"href":"https:\/\/www.festival-du-rire.be\/index.php\/wp-json\/wp\/v2\/pages\/76","targetHints":{"allow":["GET"]}}],"collection":[{"href":"https:\/\/www.festival-du-rire.be\/index.php\/wp-json\/wp\/v2\/pages"}],"about":[{"href":"https:\/\/www.festival-du-rire.be\/index.php\/wp-json\/wp\/v2\/types\/page"}],"author":[{"embeddable":true,"href":"https:\/\/www.festival-du-rire.be\/index.php\/wp-json\/wp\/v2\/users\/2"}],"replies":[{"embeddable":true,"href":"https:\/\/www.festival-du-rire.be\/index.php\/wp-json\/wp\/v2\/comments?post=76"}],"version-history":[{"count":220,"href":"https:\/\/www.festival-du-rire.be\/index.php\/wp-json\/wp\/v2\/pages\/76\/revisions"}],"predecessor-version":[{"id":4884,"href":"https:\/\/www.festival-du-rire.be\/index.php\/wp-json\/wp\/v2\/pages\/76\/revisions\/4884"}],"wp:attachment":[{"href":"https:\/\/www.festival-du-rire.be\/index.php\/wp-json\/wp\/v2\/media?parent=76"}],"curies":[{"name":"wp","href":"https:\/\/api.w.org\/{rel}","templated":true}]}}